{"id":9642,"date":"2022-09-14T15:42:17","date_gmt":"2022-09-14T13:42:17","guid":{"rendered":"https:\/\/azlp.mk\/rastet-ne-te-cilat-pvzlp-nuk-eshte-i-detyrueshem\/"},"modified":"2022-12-15T14:50:34","modified_gmt":"2022-12-15T12:50:34","slug":"rastet-ne-te-cilat-pvzlp-nuk-eshte-i-detyrueshem","status":"publish","type":"page","link":"https:\/\/azlp.mk\/sq\/kontrolloret\/drejtimet\/vleresimi-i-ndikimit-ne-mbrojtjen-e-te-dhenave-personale-pdpa\/rastet-ne-te-cilat-pvzlp-nuk-eshte-i-detyrueshem\/","title":{"rendered":"Rastet n\u00eb t\u00eb cilat VNMDHP nuk \u00ebsht\u00eb i detyruesh\u00ebm"},"content":{"rendered":"<div class=\"fusion-fullwidth fullwidth-box fusion-builder-row-1 fusion-flex-container has-pattern-background has-mask-background nonhundred-percent-fullwidth non-hundred-percent-height-scrolling\" style=\"background-color: #f2f2f2;background-position: center center;background-repeat: no-repeat;border-width: 0px 0px 0px 0px;border-color:#f2f2f2;border-style:solid;\" ><div class=\"fusion-builder-row fusion-row fusion-flex-align-items-flex-start\" style=\"max-width:1248px;margin-left: calc(-4% \/ 2 );margin-right: calc(-4% \/ 2 );\"><div class=\"fusion-layout-column fusion_builder_column fusion-builder-column-0 fusion_builder_column_1_1 1_1 fusion-flex-column\"><div class=\"fusion-column-wrapper fusion-flex-justify-content-flex-start fusion-content-layout-column\" style=\"background-position:left top;background-repeat:no-repeat;-webkit-background-size:cover;-moz-background-size:cover;-o-background-size:cover;background-size:cover;padding: 0px 0px 0px 0px;\"><div class=\"fusion-text fusion-text-1\"><p>VNMDHP nuk \u00ebsht\u00eb i detyruesh\u00ebm n\u00eb situatat vijuese:<\/p>\n<ul>\n<li>kur operacioni i p\u00ebrpunimit mund t\u00eb korrespondoj\u00eb me rastet e p\u00ebrmendura n\u00eb\u00a0<u>nenin 4 t\u00eb Rregullores p\u00ebr procesin e vler\u00ebsimit t\u00eb ndikimit t\u00eb mbrojtjes s\u00eb t\u00eb dh\u00ebnave personale (&#8220;Gazeta Zyrtare e Republik\u00ebs s\u00eb Maqedonis\u00eb s\u00ebVeriut&#8221; nr. 122\/20)<\/u>, por kontrolluesi vler\u00ebsoi se nuk ka t\u00eb ngjar\u00eb t\u00eb rezulton me rrezik t\u00eb lart\u00eb.<\/li>\n<li>\u00a0kur natyra, fush\u00ebveprimi, konteksti dhe q\u00ebllimet e p\u00ebrpunimit jan\u00eb t\u00eb ngjashme me p\u00ebrpunimin p\u00ebr t\u00eb cilin \u00ebsht\u00eb kryer VNMDHP.<\/li>\n<li>kur p\u00ebrpunimi \u00ebsht\u00eb i p\u00ebrfshir\u00eb n\u00eb list\u00ebn e krijuar nga Agjencia<u>\u00a0p\u00ebr llojet e operacioneve t\u00eb p\u00ebrpunimit p\u00ebr t\u00eb cilat nuk k\u00ebrkohet VNMDHP\u00a0<\/u>.<\/li>\n<\/ul>\n<p>Kontrolluesi detyrimisht duhet t\u00eb justifikoj\u00eb dhe dokumentoj\u00eb arsyet e mos kryerjes s\u00eb VNMDHP -s\u00eb dhe t\u00eb shkruaj\u00eb mendimin e oficerit p\u00ebr mbrojtjen e t\u00eb dh\u00ebnave personale.<\/p>\n<\/div><\/div><style type=\"text\/css\">.fusion-body .fusion-builder-column-0{width:100% !important;margin-top : 0px;margin-bottom : 20px;}.fusion-builder-column-0 > .fusion-column-wrapper {padding-top : 0px !important;padding-right : 0px !important;margin-right : 1.92%;padding-bottom : 0px !important;padding-left : 0px !important;margin-left : 1.92%;}@media only screen and (max-width:1024px) {.fusion-body .fusion-builder-column-0{width:100% !important;order : 0;}.fusion-builder-column-0 > .fusion-column-wrapper {margin-right : 1.92%;margin-left : 1.92%;}}@media only screen and (max-width:640px) {.fusion-body .fusion-builder-column-0{width:100% !important;order : 0;}.fusion-builder-column-0 > .fusion-column-wrapper {margin-right : 1.92%;margin-left : 1.92%;}}<\/style><\/div><\/div><style type=\"text\/css\">.fusion-body .fusion-flex-container.fusion-builder-row-1{ padding-top : 0px;margin-top : 0px;padding-right : 0px;padding-bottom : 0px;margin-bottom : 0px;padding-left : 0px;}<\/style><\/div>\n","protected":false},"excerpt":{"rendered":"","protected":false},"author":1,"featured_media":0,"parent":9634,"menu_order":0,"comment_status":"closed","ping_status":"closed","template":"","meta":{"footnotes":""},"yoast_head":"<!-- This site is optimized with the Yoast SEO plugin v19.9 - https:\/\/yoast.com\/wordpress\/plugins\/seo\/ -->\n<title>Rastet n\u00eb t\u00eb cilat VNMDHP nuk \u00ebsht\u00eb i detyruesh\u00ebm - \u0410\u0433\u0435\u043d\u0446\u0438\u0458\u0430 \u0437\u0430 \u0437\u0430\u0448\u0442\u0438\u0442\u0430 \u043d\u0430 \u043b\u0438\u0447\u043d\u0438\u0442\u0435 \u043f\u043e\u0434\u0430\u0442\u043e\u0446\u0438<\/title>\n<meta name=\"robots\" content=\"index, follow, max-snippet:-1, max-image-preview:large, max-video-preview:-1\" \/>\n<link rel=\"canonical\" href=\"https:\/\/azlp.mk\/sq\/kontrolloret\/drejtimet\/vleresimi-i-ndikimit-ne-mbrojtjen-e-te-dhenave-personale-pdpa\/rastet-ne-te-cilat-pvzlp-nuk-eshte-i-detyrueshem\/\" \/>\n<meta property=\"og:locale\" content=\"sq_AL\" \/>\n<meta property=\"og:type\" content=\"article\" \/>\n<meta property=\"og:title\" content=\"Rastet n\u00eb t\u00eb cilat VNMDHP nuk \u00ebsht\u00eb i detyruesh\u00ebm - \u0410\u0433\u0435\u043d\u0446\u0438\u0458\u0430 \u0437\u0430 \u0437\u0430\u0448\u0442\u0438\u0442\u0430 \u043d\u0430 \u043b\u0438\u0447\u043d\u0438\u0442\u0435 \u043f\u043e\u0434\u0430\u0442\u043e\u0446\u0438\" \/>\n<meta property=\"og:url\" content=\"https:\/\/azlp.mk\/sq\/kontrolloret\/drejtimet\/vleresimi-i-ndikimit-ne-mbrojtjen-e-te-dhenave-personale-pdpa\/rastet-ne-te-cilat-pvzlp-nuk-eshte-i-detyrueshem\/\" \/>\n<meta property=\"og:site_name\" content=\"\u0410\u0433\u0435\u043d\u0446\u0438\u0458\u0430 \u0437\u0430 \u0437\u0430\u0448\u0442\u0438\u0442\u0430 \u043d\u0430 \u043b\u0438\u0447\u043d\u0438\u0442\u0435 \u043f\u043e\u0434\u0430\u0442\u043e\u0446\u0438\" \/>\n<meta property=\"article:modified_time\" content=\"2022-12-15T12:50:34+00:00\" \/>\n<meta name=\"twitter:card\" content=\"summary_large_image\" \/>\n<meta name=\"twitter:label1\" content=\"Est. reading time\" \/>\n\t<meta name=\"twitter:data1\" content=\"2 minutes\" \/>\n<script type=\"application\/ld+json\" class=\"yoast-schema-graph\">{\"@context\":\"https:\/\/schema.org\",\"@graph\":[{\"@type\":\"WebPage\",\"@id\":\"https:\/\/azlp.mk\/sq\/kontrolloret\/drejtimet\/vleresimi-i-ndikimit-ne-mbrojtjen-e-te-dhenave-personale-pdpa\/rastet-ne-te-cilat-pvzlp-nuk-eshte-i-detyrueshem\/\",\"url\":\"https:\/\/azlp.mk\/sq\/kontrolloret\/drejtimet\/vleresimi-i-ndikimit-ne-mbrojtjen-e-te-dhenave-personale-pdpa\/rastet-ne-te-cilat-pvzlp-nuk-eshte-i-detyrueshem\/\",\"name\":\"Rastet n\u00eb t\u00eb cilat VNMDHP nuk \u00ebsht\u00eb i detyruesh\u00ebm - \u0410\u0433\u0435\u043d\u0446\u0438\u0458\u0430 \u0437\u0430 \u0437\u0430\u0448\u0442\u0438\u0442\u0430 \u043d\u0430 \u043b\u0438\u0447\u043d\u0438\u0442\u0435 \u043f\u043e\u0434\u0430\u0442\u043e\u0446\u0438\",\"isPartOf\":{\"@id\":\"https:\/\/azlp.mk\/#website\"},\"datePublished\":\"2022-09-14T13:42:17+00:00\",\"dateModified\":\"2022-12-15T12:50:34+00:00\",\"breadcrumb\":{\"@id\":\"https:\/\/azlp.mk\/sq\/kontrolloret\/drejtimet\/vleresimi-i-ndikimit-ne-mbrojtjen-e-te-dhenave-personale-pdpa\/rastet-ne-te-cilat-pvzlp-nuk-eshte-i-detyrueshem\/#breadcrumb\"},\"inLanguage\":\"sq-AL\",\"potentialAction\":[{\"@type\":\"ReadAction\",\"target\":[\"https:\/\/azlp.mk\/sq\/kontrolloret\/drejtimet\/vleresimi-i-ndikimit-ne-mbrojtjen-e-te-dhenave-personale-pdpa\/rastet-ne-te-cilat-pvzlp-nuk-eshte-i-detyrueshem\/\"]}]},{\"@type\":\"BreadcrumbList\",\"@id\":\"https:\/\/azlp.mk\/sq\/kontrolloret\/drejtimet\/vleresimi-i-ndikimit-ne-mbrojtjen-e-te-dhenave-personale-pdpa\/rastet-ne-te-cilat-pvzlp-nuk-eshte-i-detyrueshem\/#breadcrumb\",\"itemListElement\":[{\"@type\":\"ListItem\",\"position\":1,\"name\":\"Ballina\",\"item\":\"https:\/\/azlp.mk\/sq\/\"},{\"@type\":\"ListItem\",\"position\":2,\"name\":\"Kontrolluesit\",\"item\":\"https:\/\/azlp.mk\/sq\/kontrolloret\/\"},{\"@type\":\"ListItem\",\"position\":3,\"name\":\"Udh\u00ebzime\",\"item\":\"https:\/\/azlp.mk\/sq\/kontrolloret\/drejtimet\/\"},{\"@type\":\"ListItem\",\"position\":4,\"name\":\"Vler\u00ebsimi i ndikimit mbi mbrojtjen e t\u00eb dh\u00ebnave personale (VNMDHP)\",\"item\":\"https:\/\/azlp.mk\/sq\/kontrolloret\/drejtimet\/vleresimi-i-ndikimit-ne-mbrojtjen-e-te-dhenave-personale-pdpa\/\"},{\"@type\":\"ListItem\",\"position\":5,\"name\":\"Rastet n\u00eb t\u00eb cilat VNMDHP nuk \u00ebsht\u00eb i detyruesh\u00ebm\"}]},{\"@type\":\"WebSite\",\"@id\":\"https:\/\/azlp.mk\/#website\",\"url\":\"https:\/\/azlp.mk\/\",\"name\":\"\u0410\u0433\u0435\u043d\u0446\u0438\u0458\u0430 \u0437\u0430 \u0437\u0430\u0448\u0442\u0438\u0442\u0430 \u043d\u0430 \u043b\u0438\u0447\u043d\u0438\u0442\u0435 \u043f\u043e\u0434\u0430\u0442\u043e\u0446\u0438\",\"description\":\"\",\"potentialAction\":[{\"@type\":\"SearchAction\",\"target\":{\"@type\":\"EntryPoint\",\"urlTemplate\":\"https:\/\/azlp.mk\/?s={search_term_string}\"},\"query-input\":\"required name=search_term_string\"}],\"inLanguage\":\"sq-AL\"}]}<\/script>\n<!-- \/ Yoast SEO plugin. -->","yoast_head_json":{"title":"Rastet n\u00eb t\u00eb cilat VNMDHP nuk \u00ebsht\u00eb i detyruesh\u00ebm - \u0410\u0433\u0435\u043d\u0446\u0438\u0458\u0430 \u0437\u0430 \u0437\u0430\u0448\u0442\u0438\u0442\u0430 \u043d\u0430 \u043b\u0438\u0447\u043d\u0438\u0442\u0435 \u043f\u043e\u0434\u0430\u0442\u043e\u0446\u0438","robots":{"index":"index","follow":"follow","max-snippet":"max-snippet:-1","max-image-preview":"max-image-preview:large","max-video-preview":"max-video-preview:-1"},"canonical":"https:\/\/azlp.mk\/sq\/kontrolloret\/drejtimet\/vleresimi-i-ndikimit-ne-mbrojtjen-e-te-dhenave-personale-pdpa\/rastet-ne-te-cilat-pvzlp-nuk-eshte-i-detyrueshem\/","og_locale":"sq_AL","og_type":"article","og_title":"Rastet n\u00eb t\u00eb cilat VNMDHP nuk \u00ebsht\u00eb i detyruesh\u00ebm - \u0410\u0433\u0435\u043d\u0446\u0438\u0458\u0430 \u0437\u0430 \u0437\u0430\u0448\u0442\u0438\u0442\u0430 \u043d\u0430 \u043b\u0438\u0447\u043d\u0438\u0442\u0435 \u043f\u043e\u0434\u0430\u0442\u043e\u0446\u0438","og_url":"https:\/\/azlp.mk\/sq\/kontrolloret\/drejtimet\/vleresimi-i-ndikimit-ne-mbrojtjen-e-te-dhenave-personale-pdpa\/rastet-ne-te-cilat-pvzlp-nuk-eshte-i-detyrueshem\/","og_site_name":"\u0410\u0433\u0435\u043d\u0446\u0438\u0458\u0430 \u0437\u0430 \u0437\u0430\u0448\u0442\u0438\u0442\u0430 \u043d\u0430 \u043b\u0438\u0447\u043d\u0438\u0442\u0435 \u043f\u043e\u0434\u0430\u0442\u043e\u0446\u0438","article_modified_time":"2022-12-15T12:50:34+00:00","twitter_card":"summary_large_image","twitter_misc":{"Est. reading time":"2 minutes"},"schema":{"@context":"https:\/\/schema.org","@graph":[{"@type":"WebPage","@id":"https:\/\/azlp.mk\/sq\/kontrolloret\/drejtimet\/vleresimi-i-ndikimit-ne-mbrojtjen-e-te-dhenave-personale-pdpa\/rastet-ne-te-cilat-pvzlp-nuk-eshte-i-detyrueshem\/","url":"https:\/\/azlp.mk\/sq\/kontrolloret\/drejtimet\/vleresimi-i-ndikimit-ne-mbrojtjen-e-te-dhenave-personale-pdpa\/rastet-ne-te-cilat-pvzlp-nuk-eshte-i-detyrueshem\/","name":"Rastet n\u00eb t\u00eb cilat VNMDHP nuk \u00ebsht\u00eb i detyruesh\u00ebm - \u0410\u0433\u0435\u043d\u0446\u0438\u0458\u0430 \u0437\u0430 \u0437\u0430\u0448\u0442\u0438\u0442\u0430 \u043d\u0430 \u043b\u0438\u0447\u043d\u0438\u0442\u0435 \u043f\u043e\u0434\u0430\u0442\u043e\u0446\u0438","isPartOf":{"@id":"https:\/\/azlp.mk\/#website"},"datePublished":"2022-09-14T13:42:17+00:00","dateModified":"2022-12-15T12:50:34+00:00","breadcrumb":{"@id":"https:\/\/azlp.mk\/sq\/kontrolloret\/drejtimet\/vleresimi-i-ndikimit-ne-mbrojtjen-e-te-dhenave-personale-pdpa\/rastet-ne-te-cilat-pvzlp-nuk-eshte-i-detyrueshem\/#breadcrumb"},"inLanguage":"sq-AL","potentialAction":[{"@type":"ReadAction","target":["https:\/\/azlp.mk\/sq\/kontrolloret\/drejtimet\/vleresimi-i-ndikimit-ne-mbrojtjen-e-te-dhenave-personale-pdpa\/rastet-ne-te-cilat-pvzlp-nuk-eshte-i-detyrueshem\/"]}]},{"@type":"BreadcrumbList","@id":"https:\/\/azlp.mk\/sq\/kontrolloret\/drejtimet\/vleresimi-i-ndikimit-ne-mbrojtjen-e-te-dhenave-personale-pdpa\/rastet-ne-te-cilat-pvzlp-nuk-eshte-i-detyrueshem\/#breadcrumb","itemListElement":[{"@type":"ListItem","position":1,"name":"Ballina","item":"https:\/\/azlp.mk\/sq\/"},{"@type":"ListItem","position":2,"name":"Kontrolluesit","item":"https:\/\/azlp.mk\/sq\/kontrolloret\/"},{"@type":"ListItem","position":3,"name":"Udh\u00ebzime","item":"https:\/\/azlp.mk\/sq\/kontrolloret\/drejtimet\/"},{"@type":"ListItem","position":4,"name":"Vler\u00ebsimi i ndikimit mbi mbrojtjen e t\u00eb dh\u00ebnave personale (VNMDHP)","item":"https:\/\/azlp.mk\/sq\/kontrolloret\/drejtimet\/vleresimi-i-ndikimit-ne-mbrojtjen-e-te-dhenave-personale-pdpa\/"},{"@type":"ListItem","position":5,"name":"Rastet n\u00eb t\u00eb cilat VNMDHP nuk \u00ebsht\u00eb i detyruesh\u00ebm"}]},{"@type":"WebSite","@id":"https:\/\/azlp.mk\/#website","url":"https:\/\/azlp.mk\/","name":"\u0410\u0433\u0435\u043d\u0446\u0438\u0458\u0430 \u0437\u0430 \u0437\u0430\u0448\u0442\u0438\u0442\u0430 \u043d\u0430 \u043b\u0438\u0447\u043d\u0438\u0442\u0435 \u043f\u043e\u0434\u0430\u0442\u043e\u0446\u0438","description":"","potentialAction":[{"@type":"SearchAction","target":{"@type":"EntryPoint","urlTemplate":"https:\/\/azlp.mk\/?s={search_term_string}"},"query-input":"required name=search_term_string"}],"inLanguage":"sq-AL"}]}},"_links":{"self":[{"href":"https:\/\/azlp.mk\/sq\/wp-json\/wp\/v2\/pages\/9642"}],"collection":[{"href":"https:\/\/azlp.mk\/sq\/wp-json\/wp\/v2\/pages"}],"about":[{"href":"https:\/\/azlp.mk\/sq\/wp-json\/wp\/v2\/types\/page"}],"author":[{"embeddable":true,"href":"https:\/\/azlp.mk\/sq\/wp-json\/wp\/v2\/users\/1"}],"replies":[{"embeddable":true,"href":"https:\/\/azlp.mk\/sq\/wp-json\/wp\/v2\/comments?post=9642"}],"version-history":[{"count":3,"href":"https:\/\/azlp.mk\/sq\/wp-json\/wp\/v2\/pages\/9642\/revisions"}],"predecessor-version":[{"id":12873,"href":"https:\/\/azlp.mk\/sq\/wp-json\/wp\/v2\/pages\/9642\/revisions\/12873"}],"up":[{"embeddable":true,"href":"https:\/\/azlp.mk\/sq\/wp-json\/wp\/v2\/pages\/9634"}],"wp:attachment":[{"href":"https:\/\/azlp.mk\/sq\/wp-json\/wp\/v2\/media?parent=9642"}],"curies":[{"name":"wp","href":"https:\/\/api.w.org\/{rel}","templated":true}]}}